{"id":1742,"date":"2025-12-01T15:44:27","date_gmt":"2025-12-01T15:44:27","guid":{"rendered":"https:\/\/algaefood.eu\/?post_type=tribe_events&#038;p=1742"},"modified":"2025-12-01T15:49:07","modified_gmt":"2025-12-01T15:49:07","slug":"stand-der-universitaet-sueddaenemark-auf-der-klimakonferenz","status":"publish","type":"tribe_events","link":"https:\/\/algaefood.eu\/da\/event\/stand-der-universitaet-sueddaenemark-auf-der-klimakonferenz\/","title":{"rendered":"Syddansk Universitets stand p\u00e5 klimakonferencen"},"content":{"rendered":"<p>AlgaeFood bes\u00f8gte klimakonferencen Klimafolkem\u00f8de Middelfart, hvor Syddansk Universitet underviste om biodiversitet, klima og de dilemmaer, vi st\u00e5r over for i forbindelse med klimaforandringer og vores m\u00e5de at bruge land og natur p\u00e5. Sp\u00e6ndende samtaler om klimavenlige f\u00f8devarer, klimaforandringer og l\u00f8sninger - herunder tang - fandt sted!<\/p>","protected":false},"excerpt":{"rendered":"<p>AlgaeFood besuchte die Klimakonferenz Klimafolkem\u00f8de Middelfart, auf der die Universit\u00e4t S\u00fcdd\u00e4nemark die Besucher \u00fcber Biodiversit\u00e4t, Klima und die Dilemmata aufkl\u00e4rte, denen wir angesichts des Klimawandels und unserer Art der Land- [&hellip;]<\/p>\n","protected":false},"author":1,"featured_media":1743,"template":"","meta":{"_tribe_events_status":"","_tribe_events_status_reason":"","footnotes":""},"tags":[],"tribe_events_cat":[],"class_list":["post-1742","tribe_events","type-tribe_events","status-publish","has-post-thumbnail","hentry"],"yoast_head":"<!-- This site is optimized with the Yoast SEO plugin v27.5 - https:\/\/yoast.com\/product\/yoast-seo-wordpress\/ -->\n<title>Stand der Universit\u00e4t S\u00fcdd\u00e4nemark auf der Klimakonferenz | AlgaeFood<\/title>\n<meta name=\"robots\" content=\"index, follow, max-snippet:-1, max-image-preview:large, max-video-preview:-1\" \/>\n<link rel=\"canonical\" href=\"https:\/\/algaefood.eu\/da\/event\/stand-der-universitaet-sueddaenemark-auf-der-klimakonferenz\/\" \/>\n<meta property=\"og:locale\" content=\"da_DK\" \/>\n<meta property=\"og:type\" content=\"article\" \/>\n<meta property=\"og:title\" content=\"Stand der Universit\u00e4t S\u00fcdd\u00e4nemark auf der Klimakonferenz | AlgaeFood\" \/>\n<meta property=\"og:description\" content=\"AlgaeFood besuchte die Klimakonferenz Klimafolkem\u00f8de Middelfart, auf der die Universit\u00e4t S\u00fcdd\u00e4nemark die Besucher \u00fcber Biodiversit\u00e4t, Klima und die Dilemmata aufkl\u00e4rte, denen wir angesichts des Klimawandels und unserer Art der Land- [&hellip;]\" \/>\n<meta property=\"og:url\" content=\"https:\/\/algaefood.eu\/da\/event\/stand-der-universitaet-sueddaenemark-auf-der-klimakonferenz\/\" \/>\n<meta property=\"og:site_name\" content=\"AlgaeFood\" \/>\n<meta property=\"article:modified_time\" content=\"2025-12-01T15:49:07+00:00\" \/>\n<meta property=\"og:image\" content=\"https:\/\/algaefood.eu\/wp-content\/uploads\/2025\/12\/Klimafolkemode-Middelfart-2025-1-scaled.jpeg\" \/>\n\t<meta property=\"og:image:width\" content=\"1920\" \/>\n\t<meta property=\"og:image:height\" content=\"2560\" \/>\n\t<meta property=\"og:image:type\" content=\"image\/jpeg\" \/>\n<meta name=\"twitter:card\" content=\"summary_large_image\" \/>\n<meta name=\"twitter:label1\" content=\"Estimeret l\u00e6setid\" \/>\n\t<meta name=\"twitter:data1\" content=\"1 minut\" \/>\n<script type=\"application\/ld+json\" class=\"yoast-schema-graph\">{\"@context\":\"https:\\\/\\\/schema.org\",\"@graph\":[{\"@type\":\"WebPage\",\"@id\":\"https:\\\/\\\/algaefood.eu\\\/event\\\/stand-der-universitaet-sueddaenemark-auf-der-klimakonferenz\\\/\",\"url\":\"https:\\\/\\\/algaefood.eu\\\/event\\\/stand-der-universitaet-sueddaenemark-auf-der-klimakonferenz\\\/\",\"name\":\"Stand der Universit\u00e4t S\u00fcdd\u00e4nemark auf der Klimakonferenz | AlgaeFood\",\"isPartOf\":{\"@id\":\"https:\\\/\\\/algaefood.eu\\\/#website\"},\"primaryImageOfPage\":{\"@id\":\"https:\\\/\\\/algaefood.eu\\\/event\\\/stand-der-universitaet-sueddaenemark-auf-der-klimakonferenz\\\/#primaryimage\"},\"image\":{\"@id\":\"https:\\\/\\\/algaefood.eu\\\/event\\\/stand-der-universitaet-sueddaenemark-auf-der-klimakonferenz\\\/#primaryimage\"},\"thumbnailUrl\":\"https:\\\/\\\/algaefood.eu\\\/wp-content\\\/uploads\\\/2025\\\/12\\\/Klimafolkemode-Middelfart-2025-1-scaled.jpeg\",\"datePublished\":\"2025-12-01T15:44:27+00:00\",\"dateModified\":\"2025-12-01T15:49:07+00:00\",\"breadcrumb\":{\"@id\":\"https:\\\/\\\/algaefood.eu\\\/event\\\/stand-der-universitaet-sueddaenemark-auf-der-klimakonferenz\\\/#breadcrumb\"},\"inLanguage\":\"da-DK\",\"potentialAction\":[{\"@type\":\"ReadAction\",\"target\":[\"https:\\\/\\\/algaefood.eu\\\/event\\\/stand-der-universitaet-sueddaenemark-auf-der-klimakonferenz\\\/\"]}]},{\"@type\":\"ImageObject\",\"inLanguage\":\"da-DK\",\"@id\":\"https:\\\/\\\/algaefood.eu\\\/event\\\/stand-der-universitaet-sueddaenemark-auf-der-klimakonferenz\\\/#primaryimage\",\"url\":\"https:\\\/\\\/algaefood.eu\\\/wp-content\\\/uploads\\\/2025\\\/12\\\/Klimafolkemode-Middelfart-2025-1-scaled.jpeg\",\"contentUrl\":\"https:\\\/\\\/algaefood.eu\\\/wp-content\\\/uploads\\\/2025\\\/12\\\/Klimafolkemode-Middelfart-2025-1-scaled.jpeg\",\"width\":1920,\"height\":2560},{\"@type\":\"BreadcrumbList\",\"@id\":\"https:\\\/\\\/algaefood.eu\\\/event\\\/stand-der-universitaet-sueddaenemark-auf-der-klimakonferenz\\\/#breadcrumb\",\"itemListElement\":[{\"@type\":\"ListItem\",\"position\":1,\"name\":\"Home\",\"item\":\"https:\\\/\\\/algaefood.eu\\\/\"},{\"@type\":\"ListItem\",\"position\":2,\"name\":\"Events\",\"item\":\"https:\\\/\\\/algaefood.eu\\\/events\\\/\"},{\"@type\":\"ListItem\",\"position\":3,\"name\":\"Stand der Universit\u00e4t S\u00fcdd\u00e4nemark auf der Klimakonferenz\"}]},{\"@type\":\"WebSite\",\"@id\":\"https:\\\/\\\/algaefood.eu\\\/#website\",\"url\":\"https:\\\/\\\/algaefood.eu\\\/\",\"name\":\"AlgaeFood\",\"description\":\"AlgaeFood | Algenfutter | Algemad\",\"publisher\":{\"@id\":\"https:\\\/\\\/algaefood.eu\\\/#organization\"},\"alternateName\":\"Algae Food\",\"potentialAction\":[{\"@type\":\"SearchAction\",\"target\":{\"@type\":\"EntryPoint\",\"urlTemplate\":\"https:\\\/\\\/algaefood.eu\\\/?s={search_term_string}\"},\"query-input\":{\"@type\":\"PropertyValueSpecification\",\"valueRequired\":true,\"valueName\":\"search_term_string\"}}],\"inLanguage\":\"da-DK\"},{\"@type\":\"Organization\",\"@id\":\"https:\\\/\\\/algaefood.eu\\\/#organization\",\"name\":\"Algae Food Project\",\"url\":\"https:\\\/\\\/algaefood.eu\\\/\",\"logo\":{\"@type\":\"ImageObject\",\"inLanguage\":\"da-DK\",\"@id\":\"https:\\\/\\\/algaefood.eu\\\/#\\\/schema\\\/logo\\\/image\\\/\",\"url\":\"https:\\\/\\\/algaefood.eu\\\/wp-content\\\/uploads\\\/2024\\\/09\\\/AlgaeFood-Logo-green1-circle.png\",\"contentUrl\":\"https:\\\/\\\/algaefood.eu\\\/wp-content\\\/uploads\\\/2024\\\/09\\\/AlgaeFood-Logo-green1-circle.png\",\"width\":560,\"height\":530,\"caption\":\"Algae Food Project\"},\"image\":{\"@id\":\"https:\\\/\\\/algaefood.eu\\\/#\\\/schema\\\/logo\\\/image\\\/\"},\"sameAs\":[\"https:\\\/\\\/www.instagram.com\\\/algaefood_interreg\\\/\"]}]}<\/script>\n<!-- \/ Yoast SEO plugin. -->","yoast_head_json":{"title":"Syddansk Universitets stand p\u00e5 klimakonferencen | AlgaeFood","robots":{"index":"index","follow":"follow","max-snippet":"max-snippet:-1","max-image-preview":"max-image-preview:large","max-video-preview":"max-video-preview:-1"},"canonical":"https:\/\/algaefood.eu\/da\/event\/stand-der-universitaet-sueddaenemark-auf-der-klimakonferenz\/","og_locale":"da_DK","og_type":"article","og_title":"Stand der Universit\u00e4t S\u00fcdd\u00e4nemark auf der Klimakonferenz | AlgaeFood","og_description":"AlgaeFood besuchte die Klimakonferenz Klimafolkem\u00f8de Middelfart, auf der die Universit\u00e4t S\u00fcdd\u00e4nemark die Besucher \u00fcber Biodiversit\u00e4t, Klima und die Dilemmata aufkl\u00e4rte, denen wir angesichts des Klimawandels und unserer Art der Land- [&hellip;]","og_url":"https:\/\/algaefood.eu\/da\/event\/stand-der-universitaet-sueddaenemark-auf-der-klimakonferenz\/","og_site_name":"AlgaeFood","article_modified_time":"2025-12-01T15:49:07+00:00","og_image":[{"width":1920,"height":2560,"url":"https:\/\/algaefood.eu\/wp-content\/uploads\/2025\/12\/Klimafolkemode-Middelfart-2025-1-scaled.jpeg","type":"image\/jpeg"}],"twitter_card":"summary_large_image","twitter_misc":{"Estimeret l\u00e6setid":"1 minut"},"schema":{"@context":"https:\/\/schema.org","@graph":[{"@type":"WebPage","@id":"https:\/\/algaefood.eu\/event\/stand-der-universitaet-sueddaenemark-auf-der-klimakonferenz\/","url":"https:\/\/algaefood.eu\/event\/stand-der-universitaet-sueddaenemark-auf-der-klimakonferenz\/","name":"Syddansk Universitets stand p\u00e5 klimakonferencen | AlgaeFood","isPartOf":{"@id":"https:\/\/algaefood.eu\/#website"},"primaryImageOfPage":{"@id":"https:\/\/algaefood.eu\/event\/stand-der-universitaet-sueddaenemark-auf-der-klimakonferenz\/#primaryimage"},"image":{"@id":"https:\/\/algaefood.eu\/event\/stand-der-universitaet-sueddaenemark-auf-der-klimakonferenz\/#primaryimage"},"thumbnailUrl":"https:\/\/algaefood.eu\/wp-content\/uploads\/2025\/12\/Klimafolkemode-Middelfart-2025-1-scaled.jpeg","datePublished":"2025-12-01T15:44:27+00:00","dateModified":"2025-12-01T15:49:07+00:00","breadcrumb":{"@id":"https:\/\/algaefood.eu\/event\/stand-der-universitaet-sueddaenemark-auf-der-klimakonferenz\/#breadcrumb"},"inLanguage":"da-DK","potentialAction":[{"@type":"ReadAction","target":["https:\/\/algaefood.eu\/event\/stand-der-universitaet-sueddaenemark-auf-der-klimakonferenz\/"]}]},{"@type":"ImageObject","inLanguage":"da-DK","@id":"https:\/\/algaefood.eu\/event\/stand-der-universitaet-sueddaenemark-auf-der-klimakonferenz\/#primaryimage","url":"https:\/\/algaefood.eu\/wp-content\/uploads\/2025\/12\/Klimafolkemode-Middelfart-2025-1-scaled.jpeg","contentUrl":"https:\/\/algaefood.eu\/wp-content\/uploads\/2025\/12\/Klimafolkemode-Middelfart-2025-1-scaled.jpeg","width":1920,"height":2560},{"@type":"BreadcrumbList","@id":"https:\/\/algaefood.eu\/event\/stand-der-universitaet-sueddaenemark-auf-der-klimakonferenz\/#breadcrumb","itemListElement":[{"@type":"ListItem","position":1,"name":"Home","item":"https:\/\/algaefood.eu\/"},{"@type":"ListItem","position":2,"name":"Events","item":"https:\/\/algaefood.eu\/events\/"},{"@type":"ListItem","position":3,"name":"Stand der Universit\u00e4t S\u00fcdd\u00e4nemark auf der Klimakonferenz"}]},{"@type":"WebSite","@id":"https:\/\/algaefood.eu\/#website","url":"https:\/\/algaefood.eu\/","name":"AlgerMad","description":"AlgeFood | AlgeFood | Algemad","publisher":{"@id":"https:\/\/algaefood.eu\/#organization"},"alternateName":"Algae Food","potentialAction":[{"@type":"SearchAction","target":{"@type":"EntryPoint","urlTemplate":"https:\/\/algaefood.eu\/?s={search_term_string}"},"query-input":{"@type":"PropertyValueSpecification","valueRequired":true,"valueName":"search_term_string"}}],"inLanguage":"da-DK"},{"@type":"Organization","@id":"https:\/\/algaefood.eu\/#organization","name":"Alge-madprojektet","url":"https:\/\/algaefood.eu\/","logo":{"@type":"ImageObject","inLanguage":"da-DK","@id":"https:\/\/algaefood.eu\/#\/schema\/logo\/image\/","url":"https:\/\/algaefood.eu\/wp-content\/uploads\/2024\/09\/AlgaeFood-Logo-green1-circle.png","contentUrl":"https:\/\/algaefood.eu\/wp-content\/uploads\/2024\/09\/AlgaeFood-Logo-green1-circle.png","width":560,"height":530,"caption":"Algae Food Project"},"image":{"@id":"https:\/\/algaefood.eu\/#\/schema\/logo\/image\/"},"sameAs":["https:\/\/www.instagram.com\/algaefood_interreg\/"]}]}},"_links":{"self":[{"href":"https:\/\/algaefood.eu\/da\/wp-json\/wp\/v2\/tribe_events\/1742","targetHints":{"allow":["GET"]}}],"collection":[{"href":"https:\/\/algaefood.eu\/da\/wp-json\/wp\/v2\/tribe_events"}],"about":[{"href":"https:\/\/algaefood.eu\/da\/wp-json\/wp\/v2\/types\/tribe_events"}],"author":[{"embeddable":true,"href":"https:\/\/algaefood.eu\/da\/wp-json\/wp\/v2\/users\/1"}],"version-history":[{"count":2,"href":"https:\/\/algaefood.eu\/da\/wp-json\/wp\/v2\/tribe_events\/1742\/revisions"}],"predecessor-version":[{"id":1745,"href":"https:\/\/algaefood.eu\/da\/wp-json\/wp\/v2\/tribe_events\/1742\/revisions\/1745"}],"wp:featuredmedia":[{"embeddable":true,"href":"https:\/\/algaefood.eu\/da\/wp-json\/wp\/v2\/media\/1743"}],"wp:attachment":[{"href":"https:\/\/algaefood.eu\/da\/wp-json\/wp\/v2\/media?parent=1742"}],"wp:term":[{"taxonomy":"post_tag","embeddable":true,"href":"https:\/\/algaefood.eu\/da\/wp-json\/wp\/v2\/tags?post=1742"},{"taxonomy":"tribe_events_cat","embeddable":true,"href":"https:\/\/algaefood.eu\/da\/wp-json\/wp\/v2\/tribe_events_cat?post=1742"}],"curies":[{"name":"wp","href":"https:\/\/api.w.org\/{rel}","templated":true}]}}