{"id":1753,"date":"2025-12-09T09:46:06","date_gmt":"2025-12-09T09:46:06","guid":{"rendered":"https:\/\/algaefood.eu\/?post_type=tribe_events&#038;p=1753"},"modified":"2025-12-09T10:20:55","modified_gmt":"2025-12-09T10:20:55","slug":"algaefood-partnertreffen-in-kiel","status":"publish","type":"tribe_events","link":"https:\/\/algaefood.eu\/da\/event\/algaefood-partnertreffen-in-kiel\/","title":{"rendered":"AlgaeFood-partnerm\u00f8de i Kiel"},"content":{"rendered":"<p>Den 16.-17. september samledes alle partnere i AlgaeFood-projektet til det \u00e5rlige m\u00f8de p\u00e5 ALTE MU i Kiel. Her blev \u00e5rets resultater og erfaringer pr\u00e6senteret, og deltagerne udviklede i f\u00e6llesskab id\u00e9er og planer for projektets sidste fase.<\/p>\n<p>Blandt deltagerne var Coastal Research Management (CRM) og oceanBASIS, der fungerede som v\u00e6rter, samt Sustainable Projects (s.Pro), Fjord&amp;B\u00e6lt, PeninsulaNature og leadpartneren Syddansk Universitet (SDU).<\/p>\n<p>M\u00f8det omfattede ogs\u00e5 en l\u00e6kker vegetarisk frokost med tang - tilberedt af det tyske firma \u201eReste Ritter\u201c, som har specialiseret sig i at forarbejde restr\u00e5stoffer. Der var ogs\u00e5 tid til en inspirerende udflugt til SeaLevel-udstillingen i centrum af Kiel.<\/p>\n<p>Alt i alt blev det et udbytterigt m\u00f8de med god kollegial sparring, masser af nye id\u00e9er \u2013 og h\u00f8jt hum\u00f8r!<span style=\"font-family: -apple-system, BlinkMacSystemFont, 'Segoe UI', Roboto, 'Helvetica Neue', Arial, 'Noto Sans', sans-serif, 'Apple Color Emoji', 'Segoe UI Emoji', 'Segoe UI Symbol', 'Noto Color Emoji';\">\u2013 og h\u00f8jt hum\u00f8r!<\/span><\/p>\n<p><img fetchpriority=\"high\" decoding=\"async\" class=\"alignnone wp-image-1755\" style=\"font-family: -apple-system, BlinkMacSystemFont, 'Segoe UI', Roboto, 'Helvetica Neue', Arial, 'Noto Sans', sans-serif, 'Apple Color Emoji', 'Segoe UI Emoji', 'Segoe UI Symbol', 'Noto Color Emoji';\" src=\"https:\/\/algaefood.eu\/wp-content\/uploads\/2025\/12\/20250917_125042-300x225.jpg\" alt=\"\" width=\"331\" height=\"248\" srcset=\"https:\/\/algaefood.eu\/wp-content\/uploads\/2025\/12\/20250917_125042-300x225.jpg 300w, https:\/\/algaefood.eu\/wp-content\/uploads\/2025\/12\/20250917_125042-1024x768.jpg 1024w, https:\/\/algaefood.eu\/wp-content\/uploads\/2025\/12\/20250917_125042-768x576.jpg 768w, https:\/\/algaefood.eu\/wp-content\/uploads\/2025\/12\/20250917_125042-1536x1152.jpg 1536w, https:\/\/algaefood.eu\/wp-content\/uploads\/2025\/12\/20250917_125042-2048x1536.jpg 2048w, https:\/\/algaefood.eu\/wp-content\/uploads\/2025\/12\/20250917_125042-16x12.jpg 16w\" sizes=\"(max-width: 331px) 100vw, 331px\" \/><img decoding=\"async\" class=\"alignnone wp-image-1756\" style=\"font-family: -apple-system, BlinkMacSystemFont, 'Segoe UI', Roboto, 'Helvetica Neue', Arial, 'Noto Sans', sans-serif, 'Apple Color Emoji', 'Segoe UI Emoji', 'Segoe UI Symbol', 'Noto Color Emoji';\" src=\"https:\/\/algaefood.eu\/wp-content\/uploads\/2025\/12\/IMG_7372-300x225.jpeg\" alt=\"\" width=\"327\" height=\"245\" srcset=\"https:\/\/algaefood.eu\/wp-content\/uploads\/2025\/12\/IMG_7372-300x225.jpeg 300w, https:\/\/algaefood.eu\/wp-content\/uploads\/2025\/12\/IMG_7372-1024x768.jpeg 1024w, https:\/\/algaefood.eu\/wp-content\/uploads\/2025\/12\/IMG_7372-768x576.jpeg 768w, https:\/\/algaefood.eu\/wp-content\/uploads\/2025\/12\/IMG_7372-1536x1152.jpeg 1536w, https:\/\/algaefood.eu\/wp-content\/uploads\/2025\/12\/IMG_7372-2048x1536.jpeg 2048w, https:\/\/algaefood.eu\/wp-content\/uploads\/2025\/12\/IMG_7372-16x12.jpeg 16w\" sizes=\"(max-width: 327px) 100vw, 327px\" \/><\/p>","protected":false},"excerpt":{"rendered":"<p>Am 16.\u201317. September kamen alle Partner des AlgaeFood-Projekts zum j\u00e4hrlichen Treffen in der ALTE MU in Kiel zusammen. Hier wurden die Ergebnisse und Erfahrungen des vergangenen Jahres vorgestellt, und die [&hellip;]<\/p>\n","protected":false},"author":1,"featured_media":1782,"template":"","meta":{"_tribe_events_status":"","_tribe_events_status_reason":"","footnotes":""},"tags":[],"tribe_events_cat":[],"class_list":["post-1753","tribe_events","type-tribe_events","status-publish","has-post-thumbnail","hentry"],"yoast_head":"<!-- This site is optimized with the Yoast SEO plugin v27.5 - https:\/\/yoast.com\/product\/yoast-seo-wordpress\/ -->\n<title>AlgaeFood-Partnertreffen in Kiel | AlgaeFood<\/title>\n<meta name=\"robots\" content=\"index, follow, max-snippet:-1, max-image-preview:large, max-video-preview:-1\" \/>\n<link rel=\"canonical\" href=\"https:\/\/algaefood.eu\/da\/event\/algaefood-partnertreffen-in-kiel\/\" \/>\n<meta property=\"og:locale\" content=\"da_DK\" \/>\n<meta property=\"og:type\" content=\"article\" \/>\n<meta property=\"og:title\" content=\"AlgaeFood-Partnertreffen in Kiel | AlgaeFood\" \/>\n<meta property=\"og:description\" content=\"Am 16.\u201317. September kamen alle Partner des AlgaeFood-Projekts zum j\u00e4hrlichen Treffen in der ALTE MU in Kiel zusammen. Hier wurden die Ergebnisse und Erfahrungen des vergangenen Jahres vorgestellt, und die [&hellip;]\" \/>\n<meta property=\"og:url\" content=\"https:\/\/algaefood.eu\/da\/event\/algaefood-partnertreffen-in-kiel\/\" \/>\n<meta property=\"og:site_name\" content=\"AlgaeFood\" \/>\n<meta property=\"article:modified_time\" content=\"2025-12-09T10:20:55+00:00\" \/>\n<meta property=\"og:image\" content=\"https:\/\/algaefood.eu\/wp-content\/uploads\/2025\/12\/Untitled-picture.png\" \/>\n\t<meta property=\"og:image:width\" content=\"1008\" \/>\n\t<meta property=\"og:image:height\" content=\"700\" \/>\n\t<meta property=\"og:image:type\" content=\"image\/png\" \/>\n<meta name=\"twitter:card\" content=\"summary_large_image\" \/>\n<meta name=\"twitter:label1\" content=\"Estimeret l\u00e6setid\" \/>\n\t<meta name=\"twitter:data1\" content=\"2 minutter\" \/>\n<script type=\"application\/ld+json\" class=\"yoast-schema-graph\">{\"@context\":\"https:\\\/\\\/schema.org\",\"@graph\":[{\"@type\":\"WebPage\",\"@id\":\"https:\\\/\\\/algaefood.eu\\\/event\\\/algaefood-partnertreffen-in-kiel\\\/\",\"url\":\"https:\\\/\\\/algaefood.eu\\\/event\\\/algaefood-partnertreffen-in-kiel\\\/\",\"name\":\"AlgaeFood-Partnertreffen in Kiel | AlgaeFood\",\"isPartOf\":{\"@id\":\"https:\\\/\\\/algaefood.eu\\\/#website\"},\"primaryImageOfPage\":{\"@id\":\"https:\\\/\\\/algaefood.eu\\\/event\\\/algaefood-partnertreffen-in-kiel\\\/#primaryimage\"},\"image\":{\"@id\":\"https:\\\/\\\/algaefood.eu\\\/event\\\/algaefood-partnertreffen-in-kiel\\\/#primaryimage\"},\"thumbnailUrl\":\"https:\\\/\\\/algaefood.eu\\\/wp-content\\\/uploads\\\/2025\\\/12\\\/Untitled-picture.png\",\"datePublished\":\"2025-12-09T09:46:06+00:00\",\"dateModified\":\"2025-12-09T10:20:55+00:00\",\"breadcrumb\":{\"@id\":\"https:\\\/\\\/algaefood.eu\\\/event\\\/algaefood-partnertreffen-in-kiel\\\/#breadcrumb\"},\"inLanguage\":\"da-DK\",\"potentialAction\":[{\"@type\":\"ReadAction\",\"target\":[\"https:\\\/\\\/algaefood.eu\\\/event\\\/algaefood-partnertreffen-in-kiel\\\/\"]}]},{\"@type\":\"ImageObject\",\"inLanguage\":\"da-DK\",\"@id\":\"https:\\\/\\\/algaefood.eu\\\/event\\\/algaefood-partnertreffen-in-kiel\\\/#primaryimage\",\"url\":\"https:\\\/\\\/algaefood.eu\\\/wp-content\\\/uploads\\\/2025\\\/12\\\/Untitled-picture.png\",\"contentUrl\":\"https:\\\/\\\/algaefood.eu\\\/wp-content\\\/uploads\\\/2025\\\/12\\\/Untitled-picture.png\",\"width\":1008,\"height\":700},{\"@type\":\"BreadcrumbList\",\"@id\":\"https:\\\/\\\/algaefood.eu\\\/event\\\/algaefood-partnertreffen-in-kiel\\\/#breadcrumb\",\"itemListElement\":[{\"@type\":\"ListItem\",\"position\":1,\"name\":\"Home\",\"item\":\"https:\\\/\\\/algaefood.eu\\\/\"},{\"@type\":\"ListItem\",\"position\":2,\"name\":\"Events\",\"item\":\"https:\\\/\\\/algaefood.eu\\\/events\\\/\"},{\"@type\":\"ListItem\",\"position\":3,\"name\":\"AlgaeFood-Partnertreffen in Kiel\"}]},{\"@type\":\"WebSite\",\"@id\":\"https:\\\/\\\/algaefood.eu\\\/#website\",\"url\":\"https:\\\/\\\/algaefood.eu\\\/\",\"name\":\"AlgaeFood\",\"description\":\"AlgaeFood | Algenfutter | Algemad\",\"publisher\":{\"@id\":\"https:\\\/\\\/algaefood.eu\\\/#organization\"},\"alternateName\":\"Algae Food\",\"potentialAction\":[{\"@type\":\"SearchAction\",\"target\":{\"@type\":\"EntryPoint\",\"urlTemplate\":\"https:\\\/\\\/algaefood.eu\\\/?s={search_term_string}\"},\"query-input\":{\"@type\":\"PropertyValueSpecification\",\"valueRequired\":true,\"valueName\":\"search_term_string\"}}],\"inLanguage\":\"da-DK\"},{\"@type\":\"Organization\",\"@id\":\"https:\\\/\\\/algaefood.eu\\\/#organization\",\"name\":\"Algae Food Project\",\"url\":\"https:\\\/\\\/algaefood.eu\\\/\",\"logo\":{\"@type\":\"ImageObject\",\"inLanguage\":\"da-DK\",\"@id\":\"https:\\\/\\\/algaefood.eu\\\/#\\\/schema\\\/logo\\\/image\\\/\",\"url\":\"https:\\\/\\\/algaefood.eu\\\/wp-content\\\/uploads\\\/2024\\\/09\\\/AlgaeFood-Logo-green1-circle.png\",\"contentUrl\":\"https:\\\/\\\/algaefood.eu\\\/wp-content\\\/uploads\\\/2024\\\/09\\\/AlgaeFood-Logo-green1-circle.png\",\"width\":560,\"height\":530,\"caption\":\"Algae Food Project\"},\"image\":{\"@id\":\"https:\\\/\\\/algaefood.eu\\\/#\\\/schema\\\/logo\\\/image\\\/\"},\"sameAs\":[\"https:\\\/\\\/www.instagram.com\\\/algaefood_interreg\\\/\"]}]}<\/script>\n<!-- \/ Yoast SEO plugin. -->","yoast_head_json":{"title":"AlgaeFood-Partnertreffen in Kiel | AlgaeFood","robots":{"index":"index","follow":"follow","max-snippet":"max-snippet:-1","max-image-preview":"max-image-preview:large","max-video-preview":"max-video-preview:-1"},"canonical":"https:\/\/algaefood.eu\/da\/event\/algaefood-partnertreffen-in-kiel\/","og_locale":"da_DK","og_type":"article","og_title":"AlgaeFood-Partnertreffen in Kiel | AlgaeFood","og_description":"Am 16.\u201317. September kamen alle Partner des AlgaeFood-Projekts zum j\u00e4hrlichen Treffen in der ALTE MU in Kiel zusammen. Hier wurden die Ergebnisse und Erfahrungen des vergangenen Jahres vorgestellt, und die [&hellip;]","og_url":"https:\/\/algaefood.eu\/da\/event\/algaefood-partnertreffen-in-kiel\/","og_site_name":"AlgaeFood","article_modified_time":"2025-12-09T10:20:55+00:00","og_image":[{"width":1008,"height":700,"url":"https:\/\/algaefood.eu\/wp-content\/uploads\/2025\/12\/Untitled-picture.png","type":"image\/png"}],"twitter_card":"summary_large_image","twitter_misc":{"Estimeret l\u00e6setid":"2 minutter"},"schema":{"@context":"https:\/\/schema.org","@graph":[{"@type":"WebPage","@id":"https:\/\/algaefood.eu\/event\/algaefood-partnertreffen-in-kiel\/","url":"https:\/\/algaefood.eu\/event\/algaefood-partnertreffen-in-kiel\/","name":"AlgaeFood-Partnertreffen in Kiel | AlgaeFood","isPartOf":{"@id":"https:\/\/algaefood.eu\/#website"},"primaryImageOfPage":{"@id":"https:\/\/algaefood.eu\/event\/algaefood-partnertreffen-in-kiel\/#primaryimage"},"image":{"@id":"https:\/\/algaefood.eu\/event\/algaefood-partnertreffen-in-kiel\/#primaryimage"},"thumbnailUrl":"https:\/\/algaefood.eu\/wp-content\/uploads\/2025\/12\/Untitled-picture.png","datePublished":"2025-12-09T09:46:06+00:00","dateModified":"2025-12-09T10:20:55+00:00","breadcrumb":{"@id":"https:\/\/algaefood.eu\/event\/algaefood-partnertreffen-in-kiel\/#breadcrumb"},"inLanguage":"da-DK","potentialAction":[{"@type":"ReadAction","target":["https:\/\/algaefood.eu\/event\/algaefood-partnertreffen-in-kiel\/"]}]},{"@type":"ImageObject","inLanguage":"da-DK","@id":"https:\/\/algaefood.eu\/event\/algaefood-partnertreffen-in-kiel\/#primaryimage","url":"https:\/\/algaefood.eu\/wp-content\/uploads\/2025\/12\/Untitled-picture.png","contentUrl":"https:\/\/algaefood.eu\/wp-content\/uploads\/2025\/12\/Untitled-picture.png","width":1008,"height":700},{"@type":"BreadcrumbList","@id":"https:\/\/algaefood.eu\/event\/algaefood-partnertreffen-in-kiel\/#breadcrumb","itemListElement":[{"@type":"ListItem","position":1,"name":"Home","item":"https:\/\/algaefood.eu\/"},{"@type":"ListItem","position":2,"name":"Events","item":"https:\/\/algaefood.eu\/events\/"},{"@type":"ListItem","position":3,"name":"AlgaeFood-Partnertreffen in Kiel"}]},{"@type":"WebSite","@id":"https:\/\/algaefood.eu\/#website","url":"https:\/\/algaefood.eu\/","name":"AlgerMad","description":"AlgeFood | AlgeFood | Algemad","publisher":{"@id":"https:\/\/algaefood.eu\/#organization"},"alternateName":"Algae Food","potentialAction":[{"@type":"SearchAction","target":{"@type":"EntryPoint","urlTemplate":"https:\/\/algaefood.eu\/?s={search_term_string}"},"query-input":{"@type":"PropertyValueSpecification","valueRequired":true,"valueName":"search_term_string"}}],"inLanguage":"da-DK"},{"@type":"Organization","@id":"https:\/\/algaefood.eu\/#organization","name":"Alge-madprojektet","url":"https:\/\/algaefood.eu\/","logo":{"@type":"ImageObject","inLanguage":"da-DK","@id":"https:\/\/algaefood.eu\/#\/schema\/logo\/image\/","url":"https:\/\/algaefood.eu\/wp-content\/uploads\/2024\/09\/AlgaeFood-Logo-green1-circle.png","contentUrl":"https:\/\/algaefood.eu\/wp-content\/uploads\/2024\/09\/AlgaeFood-Logo-green1-circle.png","width":560,"height":530,"caption":"Algae Food Project"},"image":{"@id":"https:\/\/algaefood.eu\/#\/schema\/logo\/image\/"},"sameAs":["https:\/\/www.instagram.com\/algaefood_interreg\/"]}]}},"_links":{"self":[{"href":"https:\/\/algaefood.eu\/da\/wp-json\/wp\/v2\/tribe_events\/1753","targetHints":{"allow":["GET"]}}],"collection":[{"href":"https:\/\/algaefood.eu\/da\/wp-json\/wp\/v2\/tribe_events"}],"about":[{"href":"https:\/\/algaefood.eu\/da\/wp-json\/wp\/v2\/types\/tribe_events"}],"author":[{"embeddable":true,"href":"https:\/\/algaefood.eu\/da\/wp-json\/wp\/v2\/users\/1"}],"version-history":[{"count":3,"href":"https:\/\/algaefood.eu\/da\/wp-json\/wp\/v2\/tribe_events\/1753\/revisions"}],"predecessor-version":[{"id":1783,"href":"https:\/\/algaefood.eu\/da\/wp-json\/wp\/v2\/tribe_events\/1753\/revisions\/1783"}],"wp:featuredmedia":[{"embeddable":true,"href":"https:\/\/algaefood.eu\/da\/wp-json\/wp\/v2\/media\/1782"}],"wp:attachment":[{"href":"https:\/\/algaefood.eu\/da\/wp-json\/wp\/v2\/media?parent=1753"}],"wp:term":[{"taxonomy":"post_tag","embeddable":true,"href":"https:\/\/algaefood.eu\/da\/wp-json\/wp\/v2\/tags?post=1753"},{"taxonomy":"tribe_events_cat","embeddable":true,"href":"https:\/\/algaefood.eu\/da\/wp-json\/wp\/v2\/tribe_events_cat?post=1753"}],"curies":[{"name":"wp","href":"https:\/\/api.w.org\/{rel}","templated":true}]}}