{"id":1764,"date":"2025-12-09T09:54:52","date_gmt":"2025-12-09T09:54:52","guid":{"rendered":"https:\/\/algaefood.eu\/?post_type=tribe_events&#038;p=1764"},"modified":"2025-12-09T10:06:35","modified_gmt":"2025-12-09T10:06:35","slug":"klimakonferenz-in-middelfart","status":"publish","type":"tribe_events","link":"https:\/\/algaefood.eu\/de\/event\/klimakonferenz-in-middelfart\/","title":{"rendered":"Klimakonferenz in Middelfart"},"content":{"rendered":"<p>AlgaeFood war vom 28. bis 30. September 2025 auf der Klimakonferenz in Middelfart vertreten. Zusammen mit dem Naturpark Lilleb\u00e6lt und B\u00e6lthaven Middelfart informierten wir \u00fcber Seetang und seine Vorz\u00fcge als Lebensmittel sowie \u00fcber die Rolle des Seetangs in den \u00d6kosystemen des Meeres. AlgaeFood verteilte Kostproben und f\u00fchrte Gespr\u00e4che \u00fcber die ern\u00e4hrungsphysiologischen und geschmacklichen M\u00f6glichkeiten des Seetangs in der K\u00fcche.<\/p>\n","protected":false},"excerpt":{"rendered":"<p>AlgaeFood war vom 28. bis 30. September 2025 auf der Klimakonferenz in Middelfart vertreten. Zusammen mit dem Naturpark Lilleb\u00e6lt und B\u00e6lthaven Middelfart informierten wir \u00fcber Seetang und seine Vorz\u00fcge als [&hellip;]<\/p>\n","protected":false},"author":1,"featured_media":1765,"template":"","meta":{"_tribe_events_status":"","_tribe_events_status_reason":"","footnotes":""},"tags":[],"tribe_events_cat":[],"class_list":["post-1764","tribe_events","type-tribe_events","status-publish","has-post-thumbnail","hentry"],"yoast_head":"<!-- This site is optimized with the Yoast SEO plugin v27.5 - https:\/\/yoast.com\/product\/yoast-seo-wordpress\/ -->\n<title>Klimakonferenz in Middelfart | AlgaeFood<\/title>\n<meta name=\"robots\" content=\"index, follow, max-snippet:-1, max-image-preview:large, max-video-preview:-1\" \/>\n<link rel=\"canonical\" href=\"https:\/\/algaefood.eu\/de\/event\/klimakonferenz-in-middelfart\/\" \/>\n<meta property=\"og:locale\" content=\"de_DE\" \/>\n<meta property=\"og:type\" content=\"article\" \/>\n<meta property=\"og:title\" content=\"Klimakonferenz in Middelfart | AlgaeFood\" \/>\n<meta property=\"og:description\" content=\"AlgaeFood war vom 28. bis 30. September 2025 auf der Klimakonferenz in Middelfart vertreten. Zusammen mit dem Naturpark Lilleb\u00e6lt und B\u00e6lthaven Middelfart informierten wir \u00fcber Seetang und seine Vorz\u00fcge als [&hellip;]\" \/>\n<meta property=\"og:url\" content=\"https:\/\/algaefood.eu\/de\/event\/klimakonferenz-in-middelfart\/\" \/>\n<meta property=\"og:site_name\" content=\"AlgaeFood\" \/>\n<meta property=\"article:modified_time\" content=\"2025-12-09T10:06:35+00:00\" \/>\n<meta property=\"og:image\" content=\"https:\/\/algaefood.eu\/wp-content\/uploads\/2025\/12\/Klimafolkemode-29.8.2025-scaled.jpg\" \/>\n\t<meta property=\"og:image:width\" content=\"2560\" \/>\n\t<meta property=\"og:image:height\" content=\"1920\" \/>\n\t<meta property=\"og:image:type\" content=\"image\/jpeg\" \/>\n<meta name=\"twitter:card\" content=\"summary_large_image\" \/>\n<meta name=\"twitter:label1\" content=\"Gesch\u00e4tzte Lesezeit\" \/>\n\t<meta name=\"twitter:data1\" content=\"1\u00a0Minute\" \/>\n<script type=\"application\/ld+json\" class=\"yoast-schema-graph\">{\"@context\":\"https:\\\/\\\/schema.org\",\"@graph\":[{\"@type\":\"WebPage\",\"@id\":\"https:\\\/\\\/algaefood.eu\\\/event\\\/klimakonferenz-in-middelfart\\\/\",\"url\":\"https:\\\/\\\/algaefood.eu\\\/event\\\/klimakonferenz-in-middelfart\\\/\",\"name\":\"Klimakonferenz in Middelfart | AlgaeFood\",\"isPartOf\":{\"@id\":\"https:\\\/\\\/algaefood.eu\\\/#website\"},\"primaryImageOfPage\":{\"@id\":\"https:\\\/\\\/algaefood.eu\\\/event\\\/klimakonferenz-in-middelfart\\\/#primaryimage\"},\"image\":{\"@id\":\"https:\\\/\\\/algaefood.eu\\\/event\\\/klimakonferenz-in-middelfart\\\/#primaryimage\"},\"thumbnailUrl\":\"https:\\\/\\\/algaefood.eu\\\/wp-content\\\/uploads\\\/2025\\\/12\\\/Klimafolkemode-29.8.2025-scaled.jpg\",\"datePublished\":\"2025-12-09T09:54:52+00:00\",\"dateModified\":\"2025-12-09T10:06:35+00:00\",\"breadcrumb\":{\"@id\":\"https:\\\/\\\/algaefood.eu\\\/event\\\/klimakonferenz-in-middelfart\\\/#breadcrumb\"},\"inLanguage\":\"de\",\"potentialAction\":[{\"@type\":\"ReadAction\",\"target\":[\"https:\\\/\\\/algaefood.eu\\\/event\\\/klimakonferenz-in-middelfart\\\/\"]}]},{\"@type\":\"ImageObject\",\"inLanguage\":\"de\",\"@id\":\"https:\\\/\\\/algaefood.eu\\\/event\\\/klimakonferenz-in-middelfart\\\/#primaryimage\",\"url\":\"https:\\\/\\\/algaefood.eu\\\/wp-content\\\/uploads\\\/2025\\\/12\\\/Klimafolkemode-29.8.2025-scaled.jpg\",\"contentUrl\":\"https:\\\/\\\/algaefood.eu\\\/wp-content\\\/uploads\\\/2025\\\/12\\\/Klimafolkemode-29.8.2025-scaled.jpg\",\"width\":2560,\"height\":1920},{\"@type\":\"BreadcrumbList\",\"@id\":\"https:\\\/\\\/algaefood.eu\\\/event\\\/klimakonferenz-in-middelfart\\\/#breadcrumb\",\"itemListElement\":[{\"@type\":\"ListItem\",\"position\":1,\"name\":\"Home\",\"item\":\"https:\\\/\\\/algaefood.eu\\\/\"},{\"@type\":\"ListItem\",\"position\":2,\"name\":\"Events\",\"item\":\"https:\\\/\\\/algaefood.eu\\\/events\\\/\"},{\"@type\":\"ListItem\",\"position\":3,\"name\":\"Klimakonferenz in Middelfart\"}]},{\"@type\":\"WebSite\",\"@id\":\"https:\\\/\\\/algaefood.eu\\\/#website\",\"url\":\"https:\\\/\\\/algaefood.eu\\\/\",\"name\":\"AlgaeFood\",\"description\":\"AlgaeFood | Algenfutter | Algemad\",\"publisher\":{\"@id\":\"https:\\\/\\\/algaefood.eu\\\/#organization\"},\"alternateName\":\"Algae Food\",\"potentialAction\":[{\"@type\":\"SearchAction\",\"target\":{\"@type\":\"EntryPoint\",\"urlTemplate\":\"https:\\\/\\\/algaefood.eu\\\/?s={search_term_string}\"},\"query-input\":{\"@type\":\"PropertyValueSpecification\",\"valueRequired\":true,\"valueName\":\"search_term_string\"}}],\"inLanguage\":\"de\"},{\"@type\":\"Organization\",\"@id\":\"https:\\\/\\\/algaefood.eu\\\/#organization\",\"name\":\"Algae Food Project\",\"url\":\"https:\\\/\\\/algaefood.eu\\\/\",\"logo\":{\"@type\":\"ImageObject\",\"inLanguage\":\"de\",\"@id\":\"https:\\\/\\\/algaefood.eu\\\/#\\\/schema\\\/logo\\\/image\\\/\",\"url\":\"https:\\\/\\\/algaefood.eu\\\/wp-content\\\/uploads\\\/2024\\\/09\\\/AlgaeFood-Logo-green1-circle.png\",\"contentUrl\":\"https:\\\/\\\/algaefood.eu\\\/wp-content\\\/uploads\\\/2024\\\/09\\\/AlgaeFood-Logo-green1-circle.png\",\"width\":560,\"height\":530,\"caption\":\"Algae Food Project\"},\"image\":{\"@id\":\"https:\\\/\\\/algaefood.eu\\\/#\\\/schema\\\/logo\\\/image\\\/\"},\"sameAs\":[\"https:\\\/\\\/www.instagram.com\\\/algaefood_interreg\\\/\"]}]}<\/script>\n<!-- \/ Yoast SEO plugin. -->","yoast_head_json":{"title":"Klimakonferenz in Middelfart | AlgaeFood","robots":{"index":"index","follow":"follow","max-snippet":"max-snippet:-1","max-image-preview":"max-image-preview:large","max-video-preview":"max-video-preview:-1"},"canonical":"https:\/\/algaefood.eu\/de\/event\/klimakonferenz-in-middelfart\/","og_locale":"de_DE","og_type":"article","og_title":"Klimakonferenz in Middelfart | AlgaeFood","og_description":"AlgaeFood war vom 28. bis 30. September 2025 auf der Klimakonferenz in Middelfart vertreten. Zusammen mit dem Naturpark Lilleb\u00e6lt und B\u00e6lthaven Middelfart informierten wir \u00fcber Seetang und seine Vorz\u00fcge als [&hellip;]","og_url":"https:\/\/algaefood.eu\/de\/event\/klimakonferenz-in-middelfart\/","og_site_name":"AlgaeFood","article_modified_time":"2025-12-09T10:06:35+00:00","og_image":[{"width":2560,"height":1920,"url":"https:\/\/algaefood.eu\/wp-content\/uploads\/2025\/12\/Klimafolkemode-29.8.2025-scaled.jpg","type":"image\/jpeg"}],"twitter_card":"summary_large_image","twitter_misc":{"Gesch\u00e4tzte Lesezeit":"1\u00a0Minute"},"schema":{"@context":"https:\/\/schema.org","@graph":[{"@type":"WebPage","@id":"https:\/\/algaefood.eu\/event\/klimakonferenz-in-middelfart\/","url":"https:\/\/algaefood.eu\/event\/klimakonferenz-in-middelfart\/","name":"Klimakonferenz in Middelfart | AlgaeFood","isPartOf":{"@id":"https:\/\/algaefood.eu\/#website"},"primaryImageOfPage":{"@id":"https:\/\/algaefood.eu\/event\/klimakonferenz-in-middelfart\/#primaryimage"},"image":{"@id":"https:\/\/algaefood.eu\/event\/klimakonferenz-in-middelfart\/#primaryimage"},"thumbnailUrl":"https:\/\/algaefood.eu\/wp-content\/uploads\/2025\/12\/Klimafolkemode-29.8.2025-scaled.jpg","datePublished":"2025-12-09T09:54:52+00:00","dateModified":"2025-12-09T10:06:35+00:00","breadcrumb":{"@id":"https:\/\/algaefood.eu\/event\/klimakonferenz-in-middelfart\/#breadcrumb"},"inLanguage":"de","potentialAction":[{"@type":"ReadAction","target":["https:\/\/algaefood.eu\/event\/klimakonferenz-in-middelfart\/"]}]},{"@type":"ImageObject","inLanguage":"de","@id":"https:\/\/algaefood.eu\/event\/klimakonferenz-in-middelfart\/#primaryimage","url":"https:\/\/algaefood.eu\/wp-content\/uploads\/2025\/12\/Klimafolkemode-29.8.2025-scaled.jpg","contentUrl":"https:\/\/algaefood.eu\/wp-content\/uploads\/2025\/12\/Klimafolkemode-29.8.2025-scaled.jpg","width":2560,"height":1920},{"@type":"BreadcrumbList","@id":"https:\/\/algaefood.eu\/event\/klimakonferenz-in-middelfart\/#breadcrumb","itemListElement":[{"@type":"ListItem","position":1,"name":"Home","item":"https:\/\/algaefood.eu\/"},{"@type":"ListItem","position":2,"name":"Events","item":"https:\/\/algaefood.eu\/events\/"},{"@type":"ListItem","position":3,"name":"Klimakonferenz in Middelfart"}]},{"@type":"WebSite","@id":"https:\/\/algaefood.eu\/#website","url":"https:\/\/algaefood.eu\/","name":"AlgaeFood","description":"AlgaeFood | Algenfutter | Algemad","publisher":{"@id":"https:\/\/algaefood.eu\/#organization"},"alternateName":"Algae Food","potentialAction":[{"@type":"SearchAction","target":{"@type":"EntryPoint","urlTemplate":"https:\/\/algaefood.eu\/?s={search_term_string}"},"query-input":{"@type":"PropertyValueSpecification","valueRequired":true,"valueName":"search_term_string"}}],"inLanguage":"de"},{"@type":"Organization","@id":"https:\/\/algaefood.eu\/#organization","name":"Algae Food Project","url":"https:\/\/algaefood.eu\/","logo":{"@type":"ImageObject","inLanguage":"de","@id":"https:\/\/algaefood.eu\/#\/schema\/logo\/image\/","url":"https:\/\/algaefood.eu\/wp-content\/uploads\/2024\/09\/AlgaeFood-Logo-green1-circle.png","contentUrl":"https:\/\/algaefood.eu\/wp-content\/uploads\/2024\/09\/AlgaeFood-Logo-green1-circle.png","width":560,"height":530,"caption":"Algae Food Project"},"image":{"@id":"https:\/\/algaefood.eu\/#\/schema\/logo\/image\/"},"sameAs":["https:\/\/www.instagram.com\/algaefood_interreg\/"]}]}},"_links":{"self":[{"href":"https:\/\/algaefood.eu\/de\/wp-json\/wp\/v2\/tribe_events\/1764","targetHints":{"allow":["GET"]}}],"collection":[{"href":"https:\/\/algaefood.eu\/de\/wp-json\/wp\/v2\/tribe_events"}],"about":[{"href":"https:\/\/algaefood.eu\/de\/wp-json\/wp\/v2\/types\/tribe_events"}],"author":[{"embeddable":true,"href":"https:\/\/algaefood.eu\/de\/wp-json\/wp\/v2\/users\/1"}],"version-history":[{"count":1,"href":"https:\/\/algaefood.eu\/de\/wp-json\/wp\/v2\/tribe_events\/1764\/revisions"}],"predecessor-version":[{"id":1766,"href":"https:\/\/algaefood.eu\/de\/wp-json\/wp\/v2\/tribe_events\/1764\/revisions\/1766"}],"wp:featuredmedia":[{"embeddable":true,"href":"https:\/\/algaefood.eu\/de\/wp-json\/wp\/v2\/media\/1765"}],"wp:attachment":[{"href":"https:\/\/algaefood.eu\/de\/wp-json\/wp\/v2\/media?parent=1764"}],"wp:term":[{"taxonomy":"post_tag","embeddable":true,"href":"https:\/\/algaefood.eu\/de\/wp-json\/wp\/v2\/tags?post=1764"},{"taxonomy":"tribe_events_cat","embeddable":true,"href":"https:\/\/algaefood.eu\/de\/wp-json\/wp\/v2\/tribe_events_cat?post=1764"}],"curies":[{"name":"wp","href":"https:\/\/api.w.org\/{rel}","templated":true}]}}