{"id":1816,"date":"2026-02-19T13:01:13","date_gmt":"2026-02-19T13:01:13","guid":{"rendered":"https:\/\/algaefood.eu\/?post_type=tribe_events&#038;p=1816"},"modified":"2026-02-19T13:03:16","modified_gmt":"2026-02-19T13:03:16","slug":"algaefood-at-baltic-blue-print-expo-10-maerz-2026-kiel","status":"publish","type":"tribe_events","link":"https:\/\/algaefood.eu\/en\/event\/algaefood-at-baltic-blue-print-expo-10-maerz-2026-kiel\/","title":{"rendered":"AlgaeFood at Baltic Blue Print Expo - 10 March 2026 (Kiel)"},"content":{"rendered":"<p>AlgaeFood is co-organising the Baltic Blue print Expo on 10 March 2026 in Kiel.<\/p>\n<p>The Baltic Sea is under extreme pressure due to pollution, overfishing and climate change.<\/p>\n<p>That is why AlgaeFood is bundling forces with the projects Baltic MUPPETS and COOL BLUE to showcase practical examples that support life in the sea and the jobs of those depending on it.<\/p>\n<p>We invite you to take part in the event!<\/p>\n<blockquote>\n<ul>\n<li>\u00a0Hear from mussel and seaweed farmers and community stakeholders<\/li>\n<li><span style=\"font-family: -apple-system, BlinkMacSystemFont, 'Segoe UI', Roboto, 'Helvetica Neue', Arial, 'Noto Sans', sans-serif, 'Apple Color Emoji', 'Segoe UI Emoji', 'Segoe UI Symbol', 'Noto Color Emoji';\">\u00a0Learn how policy measures contribute to a sustainable future for the Baltic Sea<\/span><\/li>\n<li><span style=\"font-family: -apple-system, BlinkMacSystemFont, 'Segoe UI', Roboto, 'Helvetica Neue', Arial, 'Noto Sans', sans-serif, 'Apple Color Emoji', 'Segoe UI Emoji', 'Segoe UI Symbol', 'Noto Color Emoji';\">\u00a0See live cooking demonstrations and sea garden demonstrations<\/span><\/li>\n<li><span style=\"font-family: -apple-system, BlinkMacSystemFont, 'Segoe UI', Roboto, 'Helvetica Neue', Arial, 'Noto Sans', sans-serif, 'Apple Color Emoji', 'Segoe UI Emoji', 'Segoe UI Symbol', 'Noto Color Emoji';\">\u00a0Discover numerous products and exhibits: Food, skincare products, pet treats, cultivation kits and more<\/span><\/li>\n<\/ul>\n<\/blockquote>\n<p>Register now at the following link: <a href=\"https:\/\/lnkd.in\/eN6Kec2c\">https:\/\/lnkd.in\/eN6Kec2c<\/a><\/p>\n<p><img fetchpriority=\"high\" decoding=\"async\" class=\"alignnone  wp-image-1818\" src=\"https:\/\/algaefood.eu\/wp-content\/uploads\/2026\/02\/0002-300x300.jpg\" alt=\"\" width=\"407\" height=\"407\" srcset=\"https:\/\/algaefood.eu\/wp-content\/uploads\/2026\/02\/0002-300x300.jpg 300w, https:\/\/algaefood.eu\/wp-content\/uploads\/2026\/02\/0002-1024x1024.jpg 1024w, https:\/\/algaefood.eu\/wp-content\/uploads\/2026\/02\/0002-150x150.jpg 150w, https:\/\/algaefood.eu\/wp-content\/uploads\/2026\/02\/0002-768x768.jpg 768w, https:\/\/algaefood.eu\/wp-content\/uploads\/2026\/02\/0002-1536x1536.jpg 1536w, https:\/\/algaefood.eu\/wp-content\/uploads\/2026\/02\/0002-2048x2048.jpg 2048w, https:\/\/algaefood.eu\/wp-content\/uploads\/2026\/02\/0002-12x12.jpg 12w\" sizes=\"(max-width: 407px) 100vw, 407px\" \/> <img decoding=\"async\" class=\"alignnone  wp-image-1819\" src=\"https:\/\/algaefood.eu\/wp-content\/uploads\/2026\/02\/0003-300x300.jpg\" alt=\"\" width=\"407\" height=\"407\" srcset=\"https:\/\/algaefood.eu\/wp-content\/uploads\/2026\/02\/0003-300x300.jpg 300w, https:\/\/algaefood.eu\/wp-content\/uploads\/2026\/02\/0003-1024x1024.jpg 1024w, https:\/\/algaefood.eu\/wp-content\/uploads\/2026\/02\/0003-150x150.jpg 150w, https:\/\/algaefood.eu\/wp-content\/uploads\/2026\/02\/0003-768x768.jpg 768w, https:\/\/algaefood.eu\/wp-content\/uploads\/2026\/02\/0003-1536x1536.jpg 1536w, https:\/\/algaefood.eu\/wp-content\/uploads\/2026\/02\/0003-2048x2048.jpg 2048w, https:\/\/algaefood.eu\/wp-content\/uploads\/2026\/02\/0003-12x12.jpg 12w\" sizes=\"(max-width: 407px) 100vw, 407px\" \/><\/p>","protected":false},"excerpt":{"rendered":"<p>AlgaeFood co-organisiert die Baltic Blue print Expo am 10. M\u00e4rz 2026 in Kiel. Die Ostsee steht aufgrund von Verschmutzung, \u00dcberfischung und Klimawandel unter extremem Druck. Aus diesem Grund hat sich [&hellip;]<\/p>\n","protected":false},"author":1,"featured_media":1817,"template":"","meta":{"_tribe_events_status":"","_tribe_events_status_reason":"","footnotes":""},"tags":[],"tribe_events_cat":[],"class_list":["post-1816","tribe_events","type-tribe_events","status-publish","has-post-thumbnail","hentry"],"yoast_head":"<!-- This site is optimized with the Yoast SEO plugin v27.4 - https:\/\/yoast.com\/product\/yoast-seo-wordpress\/ -->\n<title>AlgaeFood at Baltic Blue Print Expo - 10. M\u00e4rz 2026 (Kiel) | AlgaeFood<\/title>\n<meta name=\"robots\" content=\"index, follow, max-snippet:-1, max-image-preview:large, max-video-preview:-1\" \/>\n<link rel=\"canonical\" href=\"https:\/\/algaefood.eu\/en\/event\/algaefood-at-baltic-blue-print-expo-10-maerz-2026-kiel\/\" \/>\n<meta property=\"og:locale\" content=\"en_GB\" \/>\n<meta property=\"og:type\" content=\"article\" \/>\n<meta property=\"og:title\" content=\"AlgaeFood at Baltic Blue Print Expo - 10. M\u00e4rz 2026 (Kiel) | AlgaeFood\" \/>\n<meta property=\"og:description\" content=\"AlgaeFood co-organisiert die Baltic Blue print Expo am 10. M\u00e4rz 2026 in Kiel. Die Ostsee steht aufgrund von Verschmutzung, \u00dcberfischung und Klimawandel unter extremem Druck. Aus diesem Grund hat sich [&hellip;]\" \/>\n<meta property=\"og:url\" content=\"https:\/\/algaefood.eu\/en\/event\/algaefood-at-baltic-blue-print-expo-10-maerz-2026-kiel\/\" \/>\n<meta property=\"og:site_name\" content=\"AlgaeFood\" \/>\n<meta property=\"article:modified_time\" content=\"2026-02-19T13:03:16+00:00\" \/>\n<meta property=\"og:image\" content=\"https:\/\/algaefood.eu\/wp-content\/uploads\/2026\/02\/0001-scaled.jpg\" \/>\n\t<meta property=\"og:image:width\" content=\"2560\" \/>\n\t<meta property=\"og:image:height\" content=\"2560\" \/>\n\t<meta property=\"og:image:type\" content=\"image\/jpeg\" \/>\n<meta name=\"twitter:card\" content=\"summary_large_image\" \/>\n<meta name=\"twitter:label1\" content=\"Estimated reading time\" \/>\n\t<meta name=\"twitter:data1\" content=\"1 minute\" \/>\n<script type=\"application\/ld+json\" class=\"yoast-schema-graph\">{\"@context\":\"https:\\\/\\\/schema.org\",\"@graph\":[{\"@type\":\"WebPage\",\"@id\":\"https:\\\/\\\/algaefood.eu\\\/event\\\/algaefood-at-baltic-blue-print-expo-10-maerz-2026-kiel\\\/\",\"url\":\"https:\\\/\\\/algaefood.eu\\\/event\\\/algaefood-at-baltic-blue-print-expo-10-maerz-2026-kiel\\\/\",\"name\":\"AlgaeFood at Baltic Blue Print Expo - 10. M\u00e4rz 2026 (Kiel) | AlgaeFood\",\"isPartOf\":{\"@id\":\"https:\\\/\\\/algaefood.eu\\\/#website\"},\"primaryImageOfPage\":{\"@id\":\"https:\\\/\\\/algaefood.eu\\\/event\\\/algaefood-at-baltic-blue-print-expo-10-maerz-2026-kiel\\\/#primaryimage\"},\"image\":{\"@id\":\"https:\\\/\\\/algaefood.eu\\\/event\\\/algaefood-at-baltic-blue-print-expo-10-maerz-2026-kiel\\\/#primaryimage\"},\"thumbnailUrl\":\"https:\\\/\\\/algaefood.eu\\\/wp-content\\\/uploads\\\/2026\\\/02\\\/0001-scaled.jpg\",\"datePublished\":\"2026-02-19T13:01:13+00:00\",\"dateModified\":\"2026-02-19T13:03:16+00:00\",\"breadcrumb\":{\"@id\":\"https:\\\/\\\/algaefood.eu\\\/event\\\/algaefood-at-baltic-blue-print-expo-10-maerz-2026-kiel\\\/#breadcrumb\"},\"inLanguage\":\"en-GB\",\"potentialAction\":[{\"@type\":\"ReadAction\",\"target\":[\"https:\\\/\\\/algaefood.eu\\\/event\\\/algaefood-at-baltic-blue-print-expo-10-maerz-2026-kiel\\\/\"]}]},{\"@type\":\"ImageObject\",\"inLanguage\":\"en-GB\",\"@id\":\"https:\\\/\\\/algaefood.eu\\\/event\\\/algaefood-at-baltic-blue-print-expo-10-maerz-2026-kiel\\\/#primaryimage\",\"url\":\"https:\\\/\\\/algaefood.eu\\\/wp-content\\\/uploads\\\/2026\\\/02\\\/0001-scaled.jpg\",\"contentUrl\":\"https:\\\/\\\/algaefood.eu\\\/wp-content\\\/uploads\\\/2026\\\/02\\\/0001-scaled.jpg\",\"width\":2560,\"height\":2560},{\"@type\":\"BreadcrumbList\",\"@id\":\"https:\\\/\\\/algaefood.eu\\\/event\\\/algaefood-at-baltic-blue-print-expo-10-maerz-2026-kiel\\\/#breadcrumb\",\"itemListElement\":[{\"@type\":\"ListItem\",\"position\":1,\"name\":\"Home\",\"item\":\"https:\\\/\\\/algaefood.eu\\\/\"},{\"@type\":\"ListItem\",\"position\":2,\"name\":\"Events\",\"item\":\"https:\\\/\\\/algaefood.eu\\\/events\\\/\"},{\"@type\":\"ListItem\",\"position\":3,\"name\":\"AlgaeFood at Baltic Blue Print Expo &#8211; 10. M\u00e4rz 2026 (Kiel)\"}]},{\"@type\":\"WebSite\",\"@id\":\"https:\\\/\\\/algaefood.eu\\\/#website\",\"url\":\"https:\\\/\\\/algaefood.eu\\\/\",\"name\":\"AlgaeFood\",\"description\":\"AlgaeFood | Algenfutter | Algemad\",\"publisher\":{\"@id\":\"https:\\\/\\\/algaefood.eu\\\/#organization\"},\"alternateName\":\"Algae Food\",\"potentialAction\":[{\"@type\":\"SearchAction\",\"target\":{\"@type\":\"EntryPoint\",\"urlTemplate\":\"https:\\\/\\\/algaefood.eu\\\/?s={search_term_string}\"},\"query-input\":{\"@type\":\"PropertyValueSpecification\",\"valueRequired\":true,\"valueName\":\"search_term_string\"}}],\"inLanguage\":\"en-GB\"},{\"@type\":\"Organization\",\"@id\":\"https:\\\/\\\/algaefood.eu\\\/#organization\",\"name\":\"Algae Food Project\",\"url\":\"https:\\\/\\\/algaefood.eu\\\/\",\"logo\":{\"@type\":\"ImageObject\",\"inLanguage\":\"en-GB\",\"@id\":\"https:\\\/\\\/algaefood.eu\\\/#\\\/schema\\\/logo\\\/image\\\/\",\"url\":\"https:\\\/\\\/algaefood.eu\\\/wp-content\\\/uploads\\\/2024\\\/09\\\/AlgaeFood-Logo-green1-circle.png\",\"contentUrl\":\"https:\\\/\\\/algaefood.eu\\\/wp-content\\\/uploads\\\/2024\\\/09\\\/AlgaeFood-Logo-green1-circle.png\",\"width\":560,\"height\":530,\"caption\":\"Algae Food Project\"},\"image\":{\"@id\":\"https:\\\/\\\/algaefood.eu\\\/#\\\/schema\\\/logo\\\/image\\\/\"},\"sameAs\":[\"https:\\\/\\\/www.instagram.com\\\/algaefood_interreg\\\/\"]}]}<\/script>\n<!-- \/ Yoast SEO plugin. -->","yoast_head_json":{"title":"AlgaeFood at Baltic Blue Print Expo - 10. M\u00e4rz 2026 (Kiel) | AlgaeFood","robots":{"index":"index","follow":"follow","max-snippet":"max-snippet:-1","max-image-preview":"max-image-preview:large","max-video-preview":"max-video-preview:-1"},"canonical":"https:\/\/algaefood.eu\/en\/event\/algaefood-at-baltic-blue-print-expo-10-maerz-2026-kiel\/","og_locale":"en_GB","og_type":"article","og_title":"AlgaeFood at Baltic Blue Print Expo - 10. M\u00e4rz 2026 (Kiel) | AlgaeFood","og_description":"AlgaeFood co-organisiert die Baltic Blue print Expo am 10. M\u00e4rz 2026 in Kiel. Die Ostsee steht aufgrund von Verschmutzung, \u00dcberfischung und Klimawandel unter extremem Druck. Aus diesem Grund hat sich [&hellip;]","og_url":"https:\/\/algaefood.eu\/en\/event\/algaefood-at-baltic-blue-print-expo-10-maerz-2026-kiel\/","og_site_name":"AlgaeFood","article_modified_time":"2026-02-19T13:03:16+00:00","og_image":[{"width":2560,"height":2560,"url":"https:\/\/algaefood.eu\/wp-content\/uploads\/2026\/02\/0001-scaled.jpg","type":"image\/jpeg"}],"twitter_card":"summary_large_image","twitter_misc":{"Estimated reading time":"1 minute"},"schema":{"@context":"https:\/\/schema.org","@graph":[{"@type":"WebPage","@id":"https:\/\/algaefood.eu\/event\/algaefood-at-baltic-blue-print-expo-10-maerz-2026-kiel\/","url":"https:\/\/algaefood.eu\/event\/algaefood-at-baltic-blue-print-expo-10-maerz-2026-kiel\/","name":"AlgaeFood at Baltic Blue Print Expo - 10. M\u00e4rz 2026 (Kiel) | AlgaeFood","isPartOf":{"@id":"https:\/\/algaefood.eu\/#website"},"primaryImageOfPage":{"@id":"https:\/\/algaefood.eu\/event\/algaefood-at-baltic-blue-print-expo-10-maerz-2026-kiel\/#primaryimage"},"image":{"@id":"https:\/\/algaefood.eu\/event\/algaefood-at-baltic-blue-print-expo-10-maerz-2026-kiel\/#primaryimage"},"thumbnailUrl":"https:\/\/algaefood.eu\/wp-content\/uploads\/2026\/02\/0001-scaled.jpg","datePublished":"2026-02-19T13:01:13+00:00","dateModified":"2026-02-19T13:03:16+00:00","breadcrumb":{"@id":"https:\/\/algaefood.eu\/event\/algaefood-at-baltic-blue-print-expo-10-maerz-2026-kiel\/#breadcrumb"},"inLanguage":"en-GB","potentialAction":[{"@type":"ReadAction","target":["https:\/\/algaefood.eu\/event\/algaefood-at-baltic-blue-print-expo-10-maerz-2026-kiel\/"]}]},{"@type":"ImageObject","inLanguage":"en-GB","@id":"https:\/\/algaefood.eu\/event\/algaefood-at-baltic-blue-print-expo-10-maerz-2026-kiel\/#primaryimage","url":"https:\/\/algaefood.eu\/wp-content\/uploads\/2026\/02\/0001-scaled.jpg","contentUrl":"https:\/\/algaefood.eu\/wp-content\/uploads\/2026\/02\/0001-scaled.jpg","width":2560,"height":2560},{"@type":"BreadcrumbList","@id":"https:\/\/algaefood.eu\/event\/algaefood-at-baltic-blue-print-expo-10-maerz-2026-kiel\/#breadcrumb","itemListElement":[{"@type":"ListItem","position":1,"name":"Home","item":"https:\/\/algaefood.eu\/"},{"@type":"ListItem","position":2,"name":"Events","item":"https:\/\/algaefood.eu\/events\/"},{"@type":"ListItem","position":3,"name":"AlgaeFood at Baltic Blue Print Expo &#8211; 10. M\u00e4rz 2026 (Kiel)"}]},{"@type":"WebSite","@id":"https:\/\/algaefood.eu\/#website","url":"https:\/\/algaefood.eu\/","name":"AlgaeFood","description":"AlgaeFood | Algae Food | Algemad","publisher":{"@id":"https:\/\/algaefood.eu\/#organization"},"alternateName":"Algae Food","potentialAction":[{"@type":"SearchAction","target":{"@type":"EntryPoint","urlTemplate":"https:\/\/algaefood.eu\/?s={search_term_string}"},"query-input":{"@type":"PropertyValueSpecification","valueRequired":true,"valueName":"search_term_string"}}],"inLanguage":"en-GB"},{"@type":"Organization","@id":"https:\/\/algaefood.eu\/#organization","name":"Algae Food Project","url":"https:\/\/algaefood.eu\/","logo":{"@type":"ImageObject","inLanguage":"en-GB","@id":"https:\/\/algaefood.eu\/#\/schema\/logo\/image\/","url":"https:\/\/algaefood.eu\/wp-content\/uploads\/2024\/09\/AlgaeFood-Logo-green1-circle.png","contentUrl":"https:\/\/algaefood.eu\/wp-content\/uploads\/2024\/09\/AlgaeFood-Logo-green1-circle.png","width":560,"height":530,"caption":"Algae Food Project"},"image":{"@id":"https:\/\/algaefood.eu\/#\/schema\/logo\/image\/"},"sameAs":["https:\/\/www.instagram.com\/algaefood_interreg\/"]}]}},"_links":{"self":[{"href":"https:\/\/algaefood.eu\/en\/wp-json\/wp\/v2\/tribe_events\/1816","targetHints":{"allow":["GET"]}}],"collection":[{"href":"https:\/\/algaefood.eu\/en\/wp-json\/wp\/v2\/tribe_events"}],"about":[{"href":"https:\/\/algaefood.eu\/en\/wp-json\/wp\/v2\/types\/tribe_events"}],"author":[{"embeddable":true,"href":"https:\/\/algaefood.eu\/en\/wp-json\/wp\/v2\/users\/1"}],"version-history":[{"count":2,"href":"https:\/\/algaefood.eu\/en\/wp-json\/wp\/v2\/tribe_events\/1816\/revisions"}],"predecessor-version":[{"id":1821,"href":"https:\/\/algaefood.eu\/en\/wp-json\/wp\/v2\/tribe_events\/1816\/revisions\/1821"}],"wp:featuredmedia":[{"embeddable":true,"href":"https:\/\/algaefood.eu\/en\/wp-json\/wp\/v2\/media\/1817"}],"wp:attachment":[{"href":"https:\/\/algaefood.eu\/en\/wp-json\/wp\/v2\/media?parent=1816"}],"wp:term":[{"taxonomy":"post_tag","embeddable":true,"href":"https:\/\/algaefood.eu\/en\/wp-json\/wp\/v2\/tags?post=1816"},{"taxonomy":"tribe_events_cat","embeddable":true,"href":"https:\/\/algaefood.eu\/en\/wp-json\/wp\/v2\/tribe_events_cat?post=1816"}],"curies":[{"name":"wp","href":"https:\/\/api.w.org\/{rel}","templated":true}]}}